{"id":26,"date":"2022-11-23T11:45:06","date_gmt":"2022-11-23T11:45:06","guid":{"rendered":"https:\/\/turnen-hagenbach.de\/?page_id=26"},"modified":"2026-03-17T12:48:11","modified_gmt":"2026-03-17T12:48:11","slug":"aktuelles","status":"publish","type":"page","link":"https:\/\/turnen-hagenbach.de\/?page_id=26","title":{"rendered":"Aktuelles"},"content":{"rendered":"\n<p><\/p>\n\n\n\n<p><\/p>\n\n\n\n<p><\/p>\n\n\n\n<p><strong>Aufruf<\/strong>:<\/p>\n\n\n\n<p>F\u00fcr unsere ,, Eltern Kind&#8220; Gruppe suchen wir nach den Sommerferien 2026 einen neuen \u00dcbungsleiter (m\/w). Bei Interesse bitte beim 1. Vorstand Peter Heilmann ( Tel. 07273-1558) melden.<\/p>\n\n\n\n<p><\/p>\n\n\n\n<p><strong> Jahreshauptversammlung<\/strong><\/p>\n\n\n\n<p>Bei der Jahreshauptversammlung des TV-Hagenbach zeigte Peter Heilmann,&nbsp;1. Vorsitzender ein durchaus positives Bild der drei Abteilungen mit fast 500 Mitgliedern und vielen engagierten \u00dcbungsleitern, denen er seinen Dank aussprach:<\/p>\n\n\n\n<p>J\u00f6rg Will berichtete von der Abteilung \u201eHandball\u201c von vielen spielbegeisterten Kindern, auch aus dem Elsass und einer funktionierenden Kooperation mit Kandel. Hier war das Sommercamp ein echtes Highlight f\u00fcr die Kinder.<\/p>\n\n\n\n<p>Sabine Stehle im \u201eTischtennis\u201c freute sich \u00fcber den Aufstieg der 1. Mannschaft und zunehmendem Interesse am Tischtennis bei den \u00dcbungsabenden. Am 31.Januar 2026 wird es wieder \u201eStadtmeisterschaften\u201c geben.<\/p>\n\n\n\n<p>Peter Heilmann berichtete in der \u201eTurnabteilung\u201c von gro\u00dfer Nachfragen nach Gymnastikangeboten f\u00fcr Erwachsene und Turnen im Kinderbereich. Auch sind neue Angebote in Vorbereitung.<\/p>\n\n\n\n<p>Bei den Neuwahlen wurde der langj\u00e4hrige 1. Vorsitzende Peter Heilmann im Amt best\u00e4tigt. Neu ist, dass er im Dreier-Gremium mit J\u00f6rg Will als 2. Vorsitzender und Detlev Dreipelcher, Vereinsentwicklung zusammenarbeiten wird. Im Amt best\u00e4tigt wurden Nadine Heinrich (Kasse) und Monika B\u00f6gelspacher (Schriftf\u00fchrerin und Presse). Neu, die Mitgliederverwaltung wird von Sabine Stehle \u00fcbernommen. Diese neue Konstellation ist Ergebnis zweier Workshops, bei denen die Weichen f\u00fcr die Zukunft gestellt wurden. Ziel ist es, neue Ideen aufzugreifen und diese umzusetzen, die Eigenst\u00e4ndigkeit der Abteilungen zu st\u00e4rken, sowie den Gesamt-Vorsitzenden von Detailaufgaben zu entlasten, um m\u00f6glichst in naher Zukunft neue Mitglieder zu finden, die bereit sind \u00c4mter zu \u00fcbernehmen.<\/p>\n\n\n\n<p>Der Hauptvorstand wird aber weiterhin f\u00fcr Zusammenhalt, Repr\u00e4sentation nach au\u00dfen, Kontinuit\u00e4t und Weiterentwicklung stehen. Im Vorausblick informierte der Vorstand \u00fcber das 125-j\u00e4hrige Bestehen des Vereins in 2027. Spontan kamen hierzu erste \u00dcberlegungen zur \u201e Geburtstagsfeier\u201c<\/p>\n\n\n\n<p><\/p>\n\n\n\n<div class=\"is-layout-constrained wp-block-group\"><div class=\"wp-block-group__inner-container\"><\/div><\/div>\n","protected":false},"excerpt":{"rendered":"<p>Aufruf: F\u00fcr unsere ,, Eltern Kind&#8220; Gruppe suchen wir nach den Sommerferien 2026 einen neuen \u00dcbungsleiter (m\/w). Bei Interesse bitte beim 1. Vorstand Peter Heilmann ( Tel. 07273-1558) melden. Jahreshauptversammlung Bei der Jahreshauptversammlung des TV-Hagenbach zeigte Peter Heilmann,&nbsp;1. Vorsitzender ein durchaus positives Bild der drei Abteilungen mit fast 500 Mitgliedern und vielen engagierten \u00dcbungsleitern, denen [&hellip;]<\/p>\n","protected":false},"author":1,"featured_media":0,"parent":0,"menu_order":0,"comment_status":"closed","ping_status":"closed","template":"","meta":[],"_links":{"self":[{"href":"https:\/\/turnen-hagenbach.de\/index.php?rest_route=\/wp\/v2\/pages\/26"}],"collection":[{"href":"https:\/\/turnen-hagenbach.de\/index.php?rest_route=\/wp\/v2\/pages"}],"about":[{"href":"https:\/\/turnen-hagenbach.de\/index.php?rest_route=\/wp\/v2\/types\/page"}],"author":[{"embeddable":true,"href":"https:\/\/turnen-hagenbach.de\/index.php?rest_route=\/wp\/v2\/users\/1"}],"replies":[{"embeddable":true,"href":"https:\/\/turnen-hagenbach.de\/index.php?rest_route=%2Fwp%2Fv2%2Fcomments&post=26"}],"version-history":[{"count":7,"href":"https:\/\/turnen-hagenbach.de\/index.php?rest_route=\/wp\/v2\/pages\/26\/revisions"}],"predecessor-version":[{"id":200,"href":"https:\/\/turnen-hagenbach.de\/index.php?rest_route=\/wp\/v2\/pages\/26\/revisions\/200"}],"wp:attachment":[{"href":"https:\/\/turnen-hagenbach.de\/index.php?rest_route=%2Fwp%2Fv2%2Fmedia&parent=26"}],"curies":[{"name":"wp","href":"https:\/\/api.w.org\/{rel}","templated":true}]}}